{"id":3125,"date":"2025-07-23T21:05:05","date_gmt":"2025-07-23T19:05:05","guid":{"rendered":"https:\/\/snowflake.academy\/schutz-personenbezogener-daten\/"},"modified":"2025-10-13T15:17:06","modified_gmt":"2025-10-13T13:17:06","slug":"schutz-personenbezogener-daten","status":"publish","type":"page","link":"https:\/\/snowflake.academy\/de\/schutz-personenbezogener-daten\/","title":{"rendered":"Schutz personenbezogener Daten"},"content":{"rendered":"\t\t<div data-elementor-type=\"wp-page\" data-elementor-id=\"3125\" class=\"elementor elementor-3125 elementor-3\" data-elementor-post-type=\"page\">\n\t\t\t\t<div class=\"elementor-element elementor-element-6cd6542 e-flex e-con-boxed e-con e-parent\" data-id=\"6cd6542\" data-element_type=\"container\" data-settings=\"{&quot;jet_parallax_layout_list&quot;:[]}\">\n\t\t\t\t\t<div class=\"e-con-inner\">\n\t\t\t\t<div class=\"elementor-element elementor-element-2fa4b9e elementor-widget elementor-widget-heading\" data-id=\"2fa4b9e\" data-element_type=\"widget\" data-widget_type=\"heading.default\">\n\t\t\t\t\t<h2 class=\"elementor-heading-title elementor-size-default\">Schutz personenbezogener Daten<\/h2>\t\t\t\t<\/div>\n\t\t\t\t<div class=\"elementor-element elementor-element-c6835ea elementor-widget elementor-widget-text-editor\" data-id=\"c6835ea\" data-element_type=\"widget\" data-widget_type=\"text-editor.default\">\n\t\t\t\t\t\t\t\t\t<p data-start=\"203\" data-end=\"302\"><strong>Informationspflicht des Unternehmens gem\u00e4\u00df dem Gesetz \u00fcber den Schutz personenbezogener Daten<\/strong><\/p><p data-start=\"304\" data-end=\"352\"><strong data-start=\"304\" data-end=\"350\">Identifikationsdaten des Verantwortlichen:<\/strong><\/p><p data-start=\"354\" data-end=\"708\">Snowflake Academy s. r. o., Firmen-ID: 56787871, M. Pi\u0161\u00fata 937\/14, 031 01 Liptovsk\u00fd Mikul\u00e1\u0161 (im Folgenden nur \u201edas Unternehmen\u201c), tritt bei der Verarbeitung personenbezogener Daten seiner Mitarbeiter, Klienten, Kunden oder Gesch\u00e4ftspartner (im Folgenden nur \u201ebetroffene Person\u201c) als Verantwortlicher f\u00fcr Informationssysteme (im Folgenden nur \u201eIS\u201c) auf.<\/p><p data-start=\"710\" data-end=\"802\"><strong data-start=\"710\" data-end=\"800\">Rechtsgrundlage f\u00fcr die Verarbeitung personenbezogener Daten der betroffenen Personen:<\/strong><\/p><p data-start=\"804\" data-end=\"1281\">Bei der Verarbeitung personenbezogener Daten geht das Unternehmen gem\u00e4\u00df dem Gesetz Nr. 18\/2018 Slg. \u00fcber den Schutz personenbezogener Daten und \u00fcber die \u00c4nderung und Erg\u00e4nzung einiger Vorschriften (im Folgenden nur \u201eDatenschutzgesetz\u201c) vor. Die Rechtsgrundlage f\u00fcr die Verarbeitung personenbezogener Daten ist das Datenschutzgesetz, spezielle Rechtsvorschriften sowie die Einwilligung in die Verarbeitung personenbezogener Daten, und zwar abh\u00e4ngig vom Zweck der Verarbeitung.<\/p><p data-start=\"1283\" data-end=\"1801\">F\u00fcr den Fall, dass der Zweck der Verarbeitung personenbezogener Daten, der Kreis der betroffenen Personen und die Liste der personenbezogenen Daten unmittelbar durch einen verbindlichen Rechtsakt der Europ\u00e4ischen Union, durch einen f\u00fcr die Slowakische Republik verbindlichen internationalen Vertrag, durch das Datenschutzgesetz oder durch ein Sondergesetz festgelegt wird, ist das Unternehmen gem\u00e4\u00df dem Datenschutzgesetz berechtigt, personenbezogene Daten ohne die Einwilligung der betroffenen Person zu verarbeiten.<\/p><p data-start=\"1803\" data-end=\"2561\">Das Unternehmen verarbeitet personenbezogene Daten ohne die Einwilligung der betroffenen Person, wenn der Zweck der Verarbeitung personenbezogener Daten, der Kreis der betroffenen Personen und die Liste der personenbezogenen Daten oder deren Umfang unmittelbar durch einen verbindlichen Rechtsakt der Europ\u00e4ischen Union, durch einen f\u00fcr die Slowakische Republik verbindlichen internationalen Vertrag oder durch dieses Gesetz festgelegt wird. Ist die Liste oder der Umfang der personenbezogenen Daten nicht bestimmt, darf das Unternehmen personenbezogene Daten nur in dem Umfang und in der Weise verarbeiten, die zur Erreichung des festgelegten Verarbeitungszwecks erforderlich sind, unter Einhaltung der grundlegenden Pflichten gem\u00e4\u00df dem Datenschutzgesetz.<\/p><p data-start=\"140\" data-end=\"1088\">Das Unternehmen verarbeitet personenbezogene Daten ferner ohne Einwilligung der betroffenen Person, wenn der Zweck der Verarbeitung personenbezogener Daten, der Kreis der betroffenen Personen und die Liste der personenbezogenen Daten durch ein Sondergesetz festgelegt werden, und zwar nur in dem Umfang und in der Weise, die durch dieses Sondergesetz bestimmt werden. Verarbeitete personenbezogene Daten d\u00fcrfen aus dem Informationssystem nur dann bereitgestellt, zug\u00e4nglich gemacht oder ver\u00f6ffentlicht werden, wenn das Sondergesetz den Zweck der Bereitstellung, Zug\u00e4nglichmachung oder Ver\u00f6ffentlichung, die Liste der personenbezogenen Daten, die bereitgestellt, zug\u00e4nglich gemacht oder ver\u00f6ffentlicht werden d\u00fcrfen, sowie die Dritten, an die die personenbezogenen Daten weitergegeben werden, oder den Kreis der Empf\u00e4nger, denen die personenbezogenen Daten zug\u00e4nglich gemacht werden, festlegt, sofern das Datenschutzgesetz nichts anderes bestimmt.<\/p><p data-start=\"1090\" data-end=\"1199\">Das Unternehmen verarbeitet personenbezogene Daten auch ohne die Einwilligung der betroffenen Person, wenn:<\/p><p data-start=\"1201\" data-end=\"1541\">a) die Verarbeitung personenbezogener Daten zur Erf\u00fcllung eines Vertrags erforderlich ist, an dem die betroffene Person als eine der Vertragsparteien beteiligt ist, oder in vorvertraglichen Beziehungen mit der betroffenen Person oder bei Verhandlungen \u00fcber eine Vertrags\u00e4nderung, die auf Antrag der betroffenen Person durchgef\u00fchrt werden,<\/p><p data-start=\"1543\" data-end=\"1686\">b) die Verarbeitung personenbezogener Daten zum Schutz des Lebens, der Gesundheit oder des Eigentums der betroffenen Person erforderlich ist,<\/p><p data-start=\"1688\" data-end=\"2028\">c) Gegenstand der Verarbeitung ausschlie\u00dflich Titel, Vorname, Nachname und Adresse der betroffenen Person sind, ohne die M\u00f6glichkeit, weitere personenbezogene Daten zuzuordnen, und ihre Nutzung ausschlie\u00dflich f\u00fcr die Bed\u00fcrfnisse des Verantwortlichen im Postverkehr mit der betroffenen Person und f\u00fcr die Evidenz dieser Daten bestimmt ist,<\/p><p data-start=\"2030\" data-end=\"2405\">d) personenbezogene Daten verarbeitet werden, die bereits im Einklang mit dem Gesetz offengelegt wurden und vom Verantwortlichen ordnungsgem\u00e4\u00df als offengelegt gekennzeichnet sind; wer behauptet, offengelegte personenbezogene Daten zu verarbeiten, muss der Beh\u00f6rde auf Anfrage nachweisen, dass die verarbeiteten personenbezogenen Daten bereits rechtm\u00e4\u00dfig offengelegt wurden,<\/p><p data-start=\"2407\" data-end=\"2765\">e) die Verarbeitung personenbezogener Daten zum Schutz der Rechte und der rechtlich gesch\u00fctzten Interessen des Verantwortlichen oder eines Dritten erforderlich ist, wobei dies nicht gilt, wenn bei einer solchen Verarbeitung personenbezogener Daten die Grundrechte und -freiheiten der betroffenen Person, die nach diesem Gesetz gesch\u00fctzt werden, \u00fcberwiegen.<\/p><p data-start=\"2767\" data-end=\"3260\">Wenn in Bezug auf den Zweck der Verarbeitung personenbezogener Daten, der in einem unmittelbar verbindlichen Rechtsakt der Europ\u00e4ischen Union, in einem f\u00fcr die Slowakische Republik verbindlichen internationalen Vertrag, im Datenschutzgesetz oder in einem Sondergesetz festgelegt ist, die einzelnen zu verarbeitenden personenbezogenen Daten nicht im Voraus konkret bestimmt werden k\u00f6nnen, darf die Liste der personenbezogenen Daten durch den Umfang der personenbezogenen Daten ersetzt werden.<\/p><p data-start=\"3262\" data-end=\"3528\">Das Unternehmen ist verpflichtet, bei einer solchen Verarbeitung personenbezogener Daten gem\u00e4\u00df dem Datenschutzgesetz vorzugehen, mit Ausnahme jener Verantwortlichen, die personenbezogene Daten f\u00fcr Zwecke von Gerichtsverfahren und im Zusammenhang damit verarbeiten.<\/p><p data-start=\"3530\" data-end=\"3764\">Falls auf die Verarbeitung personenbezogener Daten das Datenschutzgesetz keine Anwendung findet, ist das Unternehmen als Verantwortlicher berechtigt, personenbezogene Daten nur mit Einwilligung der betroffenen Person zu verarbeiten.<\/p><p data-start=\"3766\" data-end=\"4184\">Das Unternehmen holt die Einwilligung der betroffenen Person ohne Druck und Zwang sowie ohne deren Bedingung durch die Androhung einer Ablehnung von Vertragsverh\u00e4ltnissen, angebotenen Dienstleistungen oder Pflichten, die sich f\u00fcr den Verantwortlichen aus rechtlich verbindlichen Akten der Europ\u00e4ischen Union, internationalen Vertr\u00e4gen, die f\u00fcr die Slowakische Republik verbindlich sind, oder dem Gesetz ergeben, ein.<\/p><p data-start=\"4186\" data-end=\"4523\">Im Falle der Weigerung, dem Unternehmen personenbezogene Daten f\u00fcr Zwecke bereitzustellen, die f\u00fcr die Erbringung von Dienstleistungen oder die Erf\u00fcllung gesetzlicher Pflichten erforderlich sind, ist das Unternehmen berechtigt, die betroffene Person auf die m\u00f6glichen Folgen der Nichtbereitstellung personenbezogener Daten hinzuweisen.<\/p><p data-start=\"4525\" data-end=\"5090\">Die betroffenen Personen stimmen zu, dass das Unternehmen bei der Verarbeitung personenbezogener Daten mit der Durchf\u00fchrung dieser Verarbeitung einen Auftragsverarbeiter beauftragen kann, der personenbezogene Daten im Namen des Unternehmens verarbeitet. Nach Beendigung des Zwecks der Verarbeitung personenbezogener Daten vernichtet das Unternehmen diese rechtm\u00e4\u00dfig erhaltenen personenbezogenen Daten der betroffenen Personen innerhalb der in den geltenden Rechtsvorschriften festgelegten Frist und in \u00dcbereinstimmung mit der internen Vorschrift des Unternehmens.<\/p><p data-start=\"133\" data-end=\"211\"><strong data-start=\"133\" data-end=\"209\">Zweck der Verarbeitung personenbezogener Daten der betroffenen Personen:<\/strong><\/p><p data-start=\"213\" data-end=\"337\">Das Unternehmen respektiert Ihre Privatsph\u00e4re und betrachtet die bereitgestellten personenbezogenen Daten als vertraulich.<\/p><p data-start=\"339\" data-end=\"644\">F\u00fcr die qualitativ hochwertige Erbringung seiner Dienstleistungen ben\u00f6tigt das Unternehmen bestimmte personenbezogene Daten der betroffenen Personen und muss diese an weitere Empf\u00e4nger weitergeben, um seine gesetzlichen Pflichten zu erf\u00fcllen und die Dienstleistungen auf h\u00f6chstem Niveau sicherzustellen.<\/p><p data-start=\"646\" data-end=\"741\">Das Unternehmen verarbeitet die bereitgestellten personenbezogenen Daten zu mehreren Zwecken.<\/p><p data-start=\"743\" data-end=\"1032\">Zum einen handelt es sich um personenbezogene Daten von Bewerbern um eine Arbeitsstelle sowie um personenbezogene Daten seiner Mitarbeiter f\u00fcr Zwecke der Personal- und Lohnbuchhaltung und damit zusammenh\u00e4ngender gesetzlicher Pflichten, die sich aus besonderen Rechtsvorschriften ergeben.<\/p><p data-start=\"1034\" data-end=\"1291\">Das Unternehmen verarbeitet ferner auch personenbezogene Daten seiner Klienten, Kunden und Gesch\u00e4ftspartner zum Zweck der Sicherstellung seiner unternehmerischen T\u00e4tigkeit unter Ber\u00fccksichtigung der Interessen seiner Klienten, Kunden und Gesch\u00e4ftspartner.<\/p><p data-start=\"1293\" data-end=\"1814\">Eine Verarbeitung personenbezogener Daten zu anderen Zwecken erfolgt im Unternehmen nicht, was bedeutet, dass das Unternehmen nur solche personenbezogenen Daten der betroffenen Personen erhebt, speichert und verarbeitet, die es zur Erf\u00fcllung seiner Dienstleistungen ben\u00f6tigt. Die bereitgestellten personenbezogenen Daten sind streng vor Missbrauch durch unbefugte Dritte gesch\u00fctzt, und zwar durch die im angenommenen Sicherheitsprojekt und in der Sicherheitsrichtlinie gem\u00e4\u00df dem Datenschutzgesetz dokumentierten Mittel.<\/p><p data-start=\"1816\" data-end=\"2041\">Bei der Verarbeitung personenbezogener Daten der betroffenen Personen h\u00e4lt das Unternehmen die grundlegenden Pflichten des Verantwortlichen gem\u00e4\u00df dem Datenschutzgesetz ein, zu denen unter anderem folgende Pflichten geh\u00f6ren:<\/p><ul data-start=\"2043\" data-end=\"4386\"><li data-start=\"2043\" data-end=\"2405\"><p data-start=\"2045\" data-end=\"2405\">Das Unternehmen verwendet die bereitgestellten personenbezogenen Daten stets f\u00fcr einen im Voraus festgelegten Verarbeitungszweck, der klar, eindeutig und spezifisch bestimmt ist und mit der Verfassung der Slowakischen Republik, Verfassungsgesetzen, Gesetzen und internationalen Vertr\u00e4gen, die f\u00fcr die Slowakische Republik verbindlich sind, im Einklang steht.<\/p><\/li><li data-start=\"2407\" data-end=\"2615\"><p data-start=\"2409\" data-end=\"2615\">Das Unternehmen legt die Bedingungen f\u00fcr die Verarbeitung personenbezogener Daten stets so fest, dass es nicht zu einer Einschr\u00e4nkung der durch das Gesetz festgelegten Rechte der betroffenen Person kommt.<\/p><\/li><li data-start=\"2617\" data-end=\"2818\"><p data-start=\"2619\" data-end=\"2818\">Das Unternehmen erhebt nur solche personenbezogenen Daten der betroffenen Personen, die ihrem Umfang und Inhalt nach dem Zweck der Verarbeitung entsprechen und f\u00fcr dessen Erreichung notwendig sind.<\/p><\/li><li data-start=\"2820\" data-end=\"3026\"><p data-start=\"2822\" data-end=\"3026\">Das Unternehmen stellt sicher, dass die personenbezogenen Daten der betroffenen Personen ausschlie\u00dflich in einer Weise verarbeitet werden, die dem Zweck entspricht, f\u00fcr den sie im Voraus erhoben wurden.<\/p><\/li><li data-start=\"3028\" data-end=\"3539\"><p data-start=\"3030\" data-end=\"3539\">Das Unternehmen als Verantwortlicher ist verpflichtet, nur richtige, vollst\u00e4ndige und gegebenenfalls aktualisierte personenbezogene Daten in Bezug auf den Zweck der Verarbeitung zu verarbeiten. Unrichtige oder unvollst\u00e4ndige personenbezogene Daten muss der Verantwortliche sperren und unverz\u00fcglich berichtigen oder erg\u00e4nzen; wenn sie nicht so berichtigt oder erg\u00e4nzt werden k\u00f6nnen, dass sie richtig sind, muss das Unternehmen diese personenbezogenen Daten eindeutig kennzeichnen und unverz\u00fcglich vernichten.<\/p><\/li><li data-start=\"3541\" data-end=\"3815\"><p data-start=\"3543\" data-end=\"3815\">Das Unternehmen stellt sicher, dass die personenbezogenen Daten der betroffenen Personen in einer Form verarbeitet werden, die die Identifizierung einzelner betroffener Personen nur so lange erm\u00f6glicht, wie es zur Erreichung des Zwecks der Verarbeitung erforderlich ist.<\/p><\/li><li data-start=\"3817\" data-end=\"4386\"><p data-start=\"3819\" data-end=\"4386\">Das Unternehmen vernichtet auf die vorgeschriebene Weise jene personenbezogenen Daten, deren Verarbeitungszweck beendet ist. Nach Beendigung des festgelegten Zwecks ist das Unternehmen berechtigt, personenbezogene Daten in notwendigem Umfang f\u00fcr Forschungs- oder Statistikzwecke in anonymisierter Form zu verarbeiten. Solche verarbeiteten personenbezogenen Daten d\u00fcrfen vom Verantwortlichen nicht zur Unterst\u00fctzung von Ma\u00dfnahmen oder Entscheidungen verwendet werden, die gegen die betroffene Person gerichtet sind oder ihre Grundrechte und -freiheiten einschr\u00e4nken.<\/p><\/li><\/ul><p data-start=\"83\" data-end=\"109\"><strong data-start=\"83\" data-end=\"107\">Auftragsverarbeiter:<\/strong><\/p><p data-start=\"111\" data-end=\"417\">Das Unternehmen gibt Ihre personenbezogenen Daten nicht an Dritte weiter, wenn dies gegen das Datenschutzgesetz verst\u00f6\u00dft oder zum Zweck ihrer Sammlung im Widerspruch zu Ihren Interessen oder Anweisungen steht. An Dritte werden personenbezogene Daten nur im Rahmen des oben genannten Zwecks weitergegeben.<\/p><p data-start=\"419\" data-end=\"739\">Im Rahmen seiner Gesch\u00e4ftst\u00e4tigkeit arbeitet das Unternehmen mit mehreren Auftragsverarbeitern zusammen, deren Ziel die Erbringung qualitativ hochwertiger Dienstleistungen ist, wobei diese Subjekte im Rahmen ihrer vertraglichen T\u00e4tigkeit f\u00fcr das Unternehmen personenbezogene Daten der betroffenen Personen verarbeiten.<\/p><p data-start=\"741\" data-end=\"1094\">Das Unternehmen erkl\u00e4rt ehrenw\u00f6rtlich, dass es bei der Auswahl der einzelnen Auftragsverarbeiter auf deren fachliche, technische, organisatorische und personelle Eignung sowie auf deren F\u00e4higkeit, die Sicherheit der verarbeiteten personenbezogenen Daten durch ergriffene Sicherheitsma\u00dfnahmen gem\u00e4\u00df dem Datenschutzgesetz zu gew\u00e4hrleisten, geachtet hat.<\/p><p data-start=\"1096\" data-end=\"1295\">Das Unternehmen ist zudem bei der Auswahl eines geeigneten Auftragsverarbeiters so vorgegangen, dass die Rechte und rechtlich gesch\u00fctzten Interessen der betroffenen Personen nicht gef\u00e4hrdet werden.<\/p><p data-start=\"1297\" data-end=\"1728\">Das Unternehmen als Verantwortlicher hat mit den Auftragsverarbeitern gem\u00e4\u00df dem Datenschutzgesetz schriftliche Vertr\u00e4ge \u00fcber den Schutz personenbezogener Daten abgeschlossen. Die Auftragsverarbeiter wurden beauftragt, personenbezogene Daten der betroffenen Personen nur in dem Umfang, zu den Bedingungen und f\u00fcr den Zweck, die im Vertrag vereinbart wurden, und in der Weise, wie es das Datenschutzgesetz vorsieht, zu verarbeiten.<\/p><p data-start=\"120\" data-end=\"185\"><strong data-start=\"120\" data-end=\"183\">Umfang und Liste der verarbeiteten personenbezogenen Daten:<\/strong><\/p><p data-start=\"187\" data-end=\"585\">Das Unternehmen verarbeitet in seinen Informationssystemen die personenbezogenen Daten der betroffenen Personen in dem Umfang, der zur Erreichung des festgelegten Zwecks erforderlich ist. Dies betrifft den Umfang personenbezogener Daten, der durch besondere Rechtsvorschriften festgelegt ist, oder den Umfang der Einwilligung der betroffenen Person zur Verarbeitung ihrer personenbezogenen Daten.<\/p><p data-start=\"587\" data-end=\"865\">Das Unternehmen verarbeitet nur solche personenbezogenen Daten, die ihm von der betroffenen Person freiwillig und in notwendigem Ma\u00dfe bereitgestellt wurden. Die Bereitstellung personenbezogener Daten an das Unternehmen \u00fcber den Rahmen besonderer Gesetze hinaus ist freiwillig.<\/p><p data-start=\"867\" data-end=\"959\"><strong data-start=\"867\" data-end=\"957\">Bedingungen und Art der Verarbeitung personenbezogener Daten der betroffenen Personen:<\/strong><\/p><p data-start=\"961\" data-end=\"1158\">Das Unternehmen verarbeitet in seinen Informationssystemen die personenbezogenen Daten der betroffenen Personen sowohl mit automatisierten als auch mit nicht automatisierten Verarbeitungsmitteln.<\/p><p data-start=\"1160\" data-end=\"1406\">Das Unternehmen ver\u00f6ffentlicht die verarbeiteten personenbezogenen Daten nicht, au\u00dfer in den F\u00e4llen, in denen dies durch eine besondere Rechtsvorschrift oder eine Entscheidung eines Gerichts oder einer anderen staatlichen Beh\u00f6rde verlangt wird.<\/p><p data-start=\"1408\" data-end=\"1729\">Das Unternehmen wird Ihre personenbezogenen Daten ohne Ihre ausdr\u00fcckliche Einwilligung oder eine andere gesetzliche Rechtsgrundlage nicht zu einem anderen Zweck und nicht in gr\u00f6\u00dferem Umfang als in dieser Information und in den Verzeichnissen der einzelnen Informationssysteme des Verantwortlichen angegeben verarbeiten.<\/p><p data-start=\"160\" data-end=\"263\"><strong data-start=\"160\" data-end=\"261\">Rechte der betroffenen Person im Zusammenhang mit der Verarbeitung ihrer personenbezogenen Daten:<\/strong><\/p><p data-start=\"265\" data-end=\"382\">Die betroffene Person hat das Recht, auf der Grundlage eines schriftlichen Antrags an das Unternehmen zu verlangen:<\/p><p data-start=\"384\" data-end=\"472\">a) eine Best\u00e4tigung, ob personenbezogene Daten \u00fcber sie verarbeitet werden oder nicht,<\/p><p data-start=\"474\" data-end=\"815\">b) in allgemein verst\u00e4ndlicher Form Informationen \u00fcber die Verarbeitung personenbezogener Daten im Informationssystem im Umfang gem\u00e4\u00df dem Datenschutzgesetz; bei Erlass einer Entscheidung nach dem Datenschutzgesetz ist die betroffene Person berechtigt, sich mit dem Verfahren der Verarbeitung und Auswertung der Vorg\u00e4nge vertraut zu machen,<\/p><p data-start=\"817\" data-end=\"963\">c) in allgemein verst\u00e4ndlicher Form genaue Informationen \u00fcber die Quelle, aus der ihre personenbezogenen Daten zur Verarbeitung gewonnen wurden,<\/p><p data-start=\"965\" data-end=\"1082\">d) in allgemein verst\u00e4ndlicher Form eine Liste ihrer personenbezogenen Daten, die Gegenstand der Verarbeitung sind,<\/p><p data-start=\"1084\" data-end=\"1236\">e) die Berichtigung oder Vernichtung ihrer unrichtigen, unvollst\u00e4ndigen oder veralteten personenbezogenen Daten, die Gegenstand der Verarbeitung sind,<\/p><p data-start=\"1238\" data-end=\"1448\">f) die Vernichtung ihrer personenbezogenen Daten, deren Verarbeitungszweck beendet ist; wenn amtliche Dokumente mit personenbezogenen Daten Gegenstand der Verarbeitung sind, kann sie deren R\u00fcckgabe verlangen,<\/p><p data-start=\"1450\" data-end=\"1578\">g) die Vernichtung ihrer personenbezogenen Daten, die Gegenstand der Verarbeitung sind, wenn gegen das Gesetz versto\u00dfen wurde,<\/p><p data-start=\"1580\" data-end=\"1813\">h) die Sperrung ihrer personenbezogenen Daten aufgrund des Widerrufs der Einwilligung vor Ablauf ihrer G\u00fcltigkeitsdauer, wenn das Unternehmen personenbezogene Daten auf Grundlage der Einwilligung der betroffenen Person verarbeitet.<\/p><p data-start=\"1815\" data-end=\"2140\">Die oben genannten Rechte der betroffenen Person gem\u00e4\u00df den Buchstaben e) und f) d\u00fcrfen nur eingeschr\u00e4nkt werden, wenn eine solche Einschr\u00e4nkung sich aus einem Sondergesetz ergibt oder wenn durch ihre Anwendung der Schutz der betroffenen Person verletzt oder die Rechte und Freiheiten anderer Personen beeintr\u00e4chtigt w\u00fcrden.<\/p><p data-start=\"2142\" data-end=\"2303\">Gem\u00e4\u00df dem Datenschutzgesetz hat die betroffene Person das Recht, auf der Grundlage eines schriftlichen Antrags an das Unternehmen Widerspruch einzulegen gegen:<\/p><p data-start=\"2305\" data-end=\"2519\">a) die Verarbeitung ihrer personenbezogenen Daten, von denen sie annimmt, dass sie ohne ihre Einwilligung f\u00fcr Zwecke des Direktmarketings verarbeitet werden oder werden sollen, und deren Vernichtung zu verlangen,<\/p><p data-start=\"2521\" data-end=\"2642\">b) die Nutzung personenbezogener Daten gem\u00e4\u00df dem Datenschutzgesetz f\u00fcr Zwecke des Direktmarketings im Postverkehr, oder<\/p><p data-start=\"2644\" data-end=\"2752\">c) die Bereitstellung personenbezogener Daten gem\u00e4\u00df dem Datenschutzgesetz f\u00fcr Zwecke des Direktmarketings.<\/p><p data-start=\"2754\" data-end=\"3638\">Gem\u00e4\u00df dem Datenschutzgesetz hat die betroffene Person das Recht, auf der Grundlage eines schriftlichen Antrags an das Unternehmen oder pers\u00f6nlich, wenn die Angelegenheit keinen Aufschub duldet, jederzeit Widerspruch gegen die Verarbeitung personenbezogener Daten in den im Datenschutzgesetz vorgesehenen F\u00e4llen einzulegen, indem sie berechtigte Gr\u00fcnde angibt oder Nachweise \u00fcber eine unrechtm\u00e4\u00dfige Beeintr\u00e4chtigung ihrer Rechte und rechtlich gesch\u00fctzten Interessen vorlegt, die durch eine solche Verarbeitung verletzt werden oder verletzt werden k\u00f6nnten; sofern keine gesetzlichen Gr\u00fcnde entgegenstehen und sich herausstellt, dass der Widerspruch der betroffenen Person berechtigt ist, ist das Unternehmen verpflichtet, die personenbezogenen Daten, deren Verarbeitung die betroffene Person beanstandet hat, unverz\u00fcglich zu sperren und zu vernichten, sobald es die Umst\u00e4nde zulassen.<\/p><p data-start=\"3640\" data-end=\"5270\">Gem\u00e4\u00df dem Datenschutzgesetz hat die betroffene Person das Recht, auf der Grundlage eines schriftlichen Antrags an das Unternehmen oder pers\u00f6nlich, wenn die Angelegenheit keinen Aufschub duldet, jederzeit Widerspruch einzulegen und nicht einer Entscheidung des Unternehmens unterworfen zu werden, die f\u00fcr sie rechtliche Wirkungen oder eine erhebliche Auswirkung h\u00e4tte, wenn eine solche Entscheidung ausschlie\u00dflich auf Handlungen der automatisierten Verarbeitung ihrer personenbezogenen Daten beruht. Die betroffene Person hat ferner das Recht, vom Unternehmen zu verlangen, die erlassene Entscheidung auf andere Weise als durch eine automatisierte Form der Verarbeitung \u00fcberpr\u00fcfen zu lassen, wobei das Unternehmen verpflichtet ist, dem Antrag der betroffenen Person stattzugeben, und zwar so, dass bei der \u00dcberpr\u00fcfung der Entscheidung eine befugte Person die entscheidende Rolle hat; \u00fcber die Art der \u00dcberpr\u00fcfung und das Ergebnis der Feststellungen informiert der Verantwortliche die betroffene Person innerhalb der im Datenschutzgesetz festgelegten Frist. Dieses Recht steht der betroffenen Person nur dann nicht zu, wenn dies ein Sondergesetz vorsieht, in dem Ma\u00dfnahmen zur Sicherung der berechtigten Interessen der betroffenen Person geregelt sind, oder wenn der Verantwortliche im Rahmen vorvertraglicher Beziehungen oder w\u00e4hrend des Bestehens vertraglicher Beziehungen eine Entscheidung erlassen hat, mit der er dem Antrag der betroffenen Person stattgegeben hat, oder wenn der Verantwortliche auf Grundlage des Vertrags andere geeignete Ma\u00dfnahmen zum Schutz der berechtigten Interessen der betroffenen Person ergriffen hat.<\/p><p data-start=\"5272\" data-end=\"5314\">\u00dcbt die betroffene Person ihr Recht aus:<\/p><p data-start=\"5316\" data-end=\"5626\">a) schriftlich und ergibt sich aus dem Inhalt des Antrags, dass sie ihr Recht aus\u00fcbt, gilt der Antrag als nach dem Datenschutzgesetz gestellt; einen Antrag, der per E-Mail oder Fax gestellt wurde, hat die betroffene Person sp\u00e4testens innerhalb von drei Tagen nach seiner Absendung schriftlich zu \u00fcbermitteln,<\/p><p data-start=\"5628\" data-end=\"5965\">b) pers\u00f6nlich m\u00fcndlich zur Niederschrift, aus der hervorgehen muss, wer das Recht ausge\u00fcbt hat, was verlangt wird, wann und von wem die Niederschrift angefertigt wurde, einschlie\u00dflich seiner Unterschrift und der Unterschrift der betroffenen Person; eine Kopie der Niederschrift ist vom Unternehmen der betroffenen Person auszuh\u00e4ndigen,<\/p><p data-start=\"5967\" data-end=\"6135\">c) \u00fcber den Auftragsverarbeiter gem\u00e4\u00df Buchstabe a) oder b), ist dieser verpflichtet, den Antrag oder die Niederschrift unverz\u00fcglich an das Unternehmen weiterzuleiten.<\/p><p data-start=\"6137\" data-end=\"6564\">Die betroffene Person kann im Falle des Verdachts, dass ihre personenbezogenen Daten unrechtm\u00e4\u00dfig verarbeitet werden, beim Amt f\u00fcr den Schutz personenbezogener Daten der Slowakischen Republik, mit Sitz Hrani\u010dn\u00e1 12, 820 07 Bratislava 27, Slowakische Republik, einen Antrag auf Einleitung eines Verfahrens zum Schutz personenbezogener Daten stellen oder das Amt \u00fcber seine Website <a class=\"decorated-link\" href=\"http:\/\/www.dataprotection.gov.sk\" target=\"_new\" rel=\"noopener\" data-start=\"6516\" data-end=\"6548\">http:\/\/www.dataprotection.gov.sk<\/a> kontaktieren.<\/p><p data-start=\"6566\" data-end=\"6711\">Falls die betroffene Person nicht \u00fcber volle Gesch\u00e4ftsf\u00e4higkeit verf\u00fcgt, k\u00f6nnen ihre Rechte durch ihren gesetzlichen Vertreter ausge\u00fcbt werden.<\/p><p data-start=\"6713\" data-end=\"6838\">Ist die betroffene Person verstorben, k\u00f6nnen ihre Rechte nach diesem Gesetz von einer nahestehenden Person ausge\u00fcbt werden.<\/p><p data-start=\"6840\" data-end=\"6942\">Das Unternehmen erf\u00fcllt den Antrag der betroffenen Person gem\u00e4\u00df dem Datenschutzgesetz unentgeltlich.<\/p><p data-start=\"6944\" data-end=\"7325\">Das Unternehmen erf\u00fcllt den Antrag der betroffenen Person gem\u00e4\u00df dem Datenschutzgesetz unentgeltlich, au\u00dfer f\u00fcr eine Erstattung in H\u00f6he der zweckm\u00e4\u00dfig entstandenen Sachkosten, die mit der Herstellung von Kopien, der Beschaffung technischer Datentr\u00e4ger und der Zusendung der Information an die betroffene Person verbunden sind, soweit nicht ein Sondergesetz etwas anderes vorsieht.<\/p><p data-start=\"7327\" data-end=\"7507\">Das Unternehmen ist verpflichtet, den Antrag der betroffenen Person gem\u00e4\u00df dem Datenschutzgesetz sp\u00e4testens innerhalb von 30 Tagen ab Eingang des Antrags schriftlich zu erledigen.<\/p><p data-start=\"7509\" data-end=\"7742\">Die Einschr\u00e4nkung der Rechte der betroffenen Person gem\u00e4\u00df dem Datenschutzgesetz teilt das Unternehmen unverz\u00fcglich schriftlich der betroffenen Person und dem Amt f\u00fcr den Schutz personenbezogener Daten der Slowakischen Republik mit.<\/p><p data-start=\"7744\" data-end=\"7977\">Die Einschr\u00e4nkung der Rechte der betroffenen Person gem\u00e4\u00df dem Datenschutzgesetz teilt das Unternehmen unverz\u00fcglich schriftlich der betroffenen Person und dem Amt f\u00fcr den Schutz personenbezogener Daten der Slowakischen Republik mit.<\/p>\t\t\t\t\t\t\t\t<\/div>\n\t\t\t\t\t<\/div>\n\t\t\t\t<\/div>\n\t\t\t\t<\/div>\n\t\t","protected":false},"excerpt":{"rendered":"<p>Schutz personenbezogener Daten Informationspflicht des Unternehmens gem\u00e4\u00df dem Gesetz \u00fcber den Schutz personenbezogener Daten Identifikationsdaten des Verantwortlichen: Snowflake Academy s. r. o., Firmen-ID: 56787871, M. Pi\u0161\u00fata 937\/14, 031 01 Liptovsk\u00fd Mikul\u00e1\u0161 (im Folgenden nur \u201edas Unternehmen\u201c), tritt bei der Verarbeitung personenbezogener Daten seiner Mitarbeiter, Klienten, Kunden oder Gesch\u00e4ftspartner (im Folgenden nur \u201ebetroffene Person\u201c) als Verantwortlicher [&hellip;]<\/p>\n","protected":false},"author":1,"featured_media":2227,"parent":0,"menu_order":0,"comment_status":"closed","ping_status":"closed","template":"","meta":{"footnotes":""},"class_list":["post-3125","page","type-page","status-publish","has-post-thumbnail","hentry"],"yoast_head":"<!-- This site is optimized with the Yoast SEO plugin v26.1.1 - https:\/\/yoast.com\/wordpress\/plugins\/seo\/ -->\n<title>Snowflake Academy Verleih von Ski- und SNB-Ausr\u00fcstung<\/title>\n<meta name=\"description\" content=\"Miete dir erstklassige Ski- und Snowboardausr\u00fcstung in Jasn\u00e1. Die gesamte Ausr\u00fcstung ist gewartet, in Top-Zustand und wird jede Saison erneuert.\" \/>\n<meta name=\"robots\" content=\"noindex, nofollow\" \/>\n<meta property=\"og:locale\" content=\"de_DE\" \/>\n<meta property=\"og:type\" content=\"article\" \/>\n<meta property=\"og:title\" content=\"Snowflake Academy Verleih von Ski- und SNB-Ausr\u00fcstung\" \/>\n<meta property=\"og:description\" content=\"Miete dir erstklassige Ski- und Snowboardausr\u00fcstung in Jasn\u00e1. Die gesamte Ausr\u00fcstung ist gewartet, in Top-Zustand und wird jede Saison erneuert.\" \/>\n<meta property=\"og:url\" content=\"https:\/\/snowflake.academy\/de\/schutz-personenbezogener-daten\/\" \/>\n<meta property=\"og:site_name\" content=\"Snowflake\" \/>\n<meta property=\"article:publisher\" content=\"https:\/\/www.facebook.com\/snowflakeacademyjasna\/\" \/>\n<meta property=\"article:modified_time\" content=\"2025-10-13T13:17:06+00:00\" \/>\n<meta property=\"og:image\" content=\"https:\/\/snowflake.academy\/wp-content\/uploads\/2025\/08\/02.png\" \/>\n\t<meta property=\"og:image:width\" content=\"1042\" \/>\n\t<meta property=\"og:image:height\" content=\"1010\" \/>\n\t<meta property=\"og:image:type\" content=\"image\/png\" \/>\n<meta name=\"twitter:card\" content=\"summary_large_image\" \/>\n<meta name=\"twitter:label1\" content=\"Gesch\u00e4tzte Lesezeit\" \/>\n\t<meta name=\"twitter:data1\" content=\"13\u00a0Minuten\" \/>\n<!-- \/ Yoast SEO plugin. -->","yoast_head_json":{"title":"Snowflake Academy Verleih von Ski- und SNB-Ausr\u00fcstung","description":"Miete dir erstklassige Ski- und Snowboardausr\u00fcstung in Jasn\u00e1. Die gesamte Ausr\u00fcstung ist gewartet, in Top-Zustand und wird jede Saison erneuert.","robots":{"index":"noindex","follow":"nofollow"},"og_locale":"de_DE","og_type":"article","og_title":"Snowflake Academy Verleih von Ski- und SNB-Ausr\u00fcstung","og_description":"Miete dir erstklassige Ski- und Snowboardausr\u00fcstung in Jasn\u00e1. Die gesamte Ausr\u00fcstung ist gewartet, in Top-Zustand und wird jede Saison erneuert.","og_url":"https:\/\/snowflake.academy\/de\/schutz-personenbezogener-daten\/","og_site_name":"Snowflake","article_publisher":"https:\/\/www.facebook.com\/snowflakeacademyjasna\/","article_modified_time":"2025-10-13T13:17:06+00:00","og_image":[{"width":1042,"height":1010,"url":"https:\/\/snowflake.academy\/wp-content\/uploads\/2025\/08\/02.png","type":"image\/png"}],"twitter_card":"summary_large_image","twitter_misc":{"Gesch\u00e4tzte Lesezeit":"13\u00a0Minuten"},"schema":{"@context":"https:\/\/schema.org","@graph":[{"@type":"WebPage","@id":"https:\/\/snowflake.academy\/de\/schutz-personenbezogener-daten\/","url":"https:\/\/snowflake.academy\/de\/schutz-personenbezogener-daten\/","name":"Snowflake Academy Verleih von Ski- und SNB-Ausr\u00fcstung","isPartOf":{"@id":"https:\/\/snowflake.academy\/#website"},"primaryImageOfPage":{"@id":"https:\/\/snowflake.academy\/de\/schutz-personenbezogener-daten\/#primaryimage"},"image":{"@id":"https:\/\/snowflake.academy\/de\/schutz-personenbezogener-daten\/#primaryimage"},"thumbnailUrl":"https:\/\/snowflake.academy\/wp-content\/uploads\/2025\/08\/02.png","datePublished":"2025-07-23T19:05:05+00:00","dateModified":"2025-10-13T13:17:06+00:00","description":"Miete dir erstklassige Ski- und Snowboardausr\u00fcstung in Jasn\u00e1. Die gesamte Ausr\u00fcstung ist gewartet, in Top-Zustand und wird jede Saison erneuert.","breadcrumb":{"@id":"https:\/\/snowflake.academy\/de\/schutz-personenbezogener-daten\/#breadcrumb"},"inLanguage":"de","potentialAction":[{"@type":"ReadAction","target":["https:\/\/snowflake.academy\/de\/schutz-personenbezogener-daten\/"]}]},{"@type":"ImageObject","inLanguage":"de","@id":"https:\/\/snowflake.academy\/de\/schutz-personenbezogener-daten\/#primaryimage","url":"https:\/\/snowflake.academy\/wp-content\/uploads\/2025\/08\/02.png","contentUrl":"https:\/\/snowflake.academy\/wp-content\/uploads\/2025\/08\/02.png","width":1042,"height":1010,"caption":"ly\u017ee z po\u017ei\u010dovne v\u00fdbavy"},{"@type":"BreadcrumbList","@id":"https:\/\/snowflake.academy\/de\/schutz-personenbezogener-daten\/#breadcrumb","itemListElement":[{"@type":"ListItem","position":1,"name":"Domovsk\u00e1 str\u00e1nka","item":"https:\/\/snowflake.academy\/"},{"@type":"ListItem","position":2,"name":"Schutz personenbezogener Daten"}]},{"@type":"WebSite","@id":"https:\/\/snowflake.academy\/#website","url":"https:\/\/snowflake.academy\/","name":"Snowflake","description":"","publisher":{"@id":"https:\/\/snowflake.academy\/#organization"},"potentialAction":[{"@type":"SearchAction","target":{"@type":"EntryPoint","urlTemplate":"https:\/\/snowflake.academy\/?s={search_term_string}"},"query-input":{"@type":"PropertyValueSpecification","valueRequired":true,"valueName":"search_term_string"}}],"inLanguage":"de"},{"@type":"Organization","@id":"https:\/\/snowflake.academy\/#organization","name":"Snowflake","url":"https:\/\/snowflake.academy\/","logo":{"@type":"ImageObject","inLanguage":"de","@id":"https:\/\/snowflake.academy\/#\/schema\/logo\/image\/","url":"https:\/\/snowflake.academy\/wp-content\/uploads\/2025\/07\/logo.svg","contentUrl":"https:\/\/snowflake.academy\/wp-content\/uploads\/2025\/07\/logo.svg","width":282,"height":86,"caption":"Snowflake"},"image":{"@id":"https:\/\/snowflake.academy\/#\/schema\/logo\/image\/"},"sameAs":["https:\/\/www.facebook.com\/snowflakeacademyjasna\/","https:\/\/www.instagram.com\/snowflakeacademy\/"]}]}},"_links":{"self":[{"href":"https:\/\/snowflake.academy\/de\/wp-json\/wp\/v2\/pages\/3125","targetHints":{"allow":["GET"]}}],"collection":[{"href":"https:\/\/snowflake.academy\/de\/wp-json\/wp\/v2\/pages"}],"about":[{"href":"https:\/\/snowflake.academy\/de\/wp-json\/wp\/v2\/types\/page"}],"author":[{"embeddable":true,"href":"https:\/\/snowflake.academy\/de\/wp-json\/wp\/v2\/users\/1"}],"replies":[{"embeddable":true,"href":"https:\/\/snowflake.academy\/de\/wp-json\/wp\/v2\/comments?post=3125"}],"version-history":[{"count":0,"href":"https:\/\/snowflake.academy\/de\/wp-json\/wp\/v2\/pages\/3125\/revisions"}],"wp:featuredmedia":[{"embeddable":true,"href":"https:\/\/snowflake.academy\/de\/wp-json\/wp\/v2\/media\/2227"}],"wp:attachment":[{"href":"https:\/\/snowflake.academy\/de\/wp-json\/wp\/v2\/media?parent=3125"}],"curies":[{"name":"wp","href":"https:\/\/api.w.org\/{rel}","templated":true}]}}