{"id":2077,"date":"2025-09-17T14:26:10","date_gmt":"2025-09-17T12:26:10","guid":{"rendered":"https:\/\/snowflake.academy\/?post_type=nase-clanky&#038;p=2077"},"modified":"2025-09-30T13:58:53","modified_gmt":"2025-09-30T11:58:53","slug":"black-crows-lyze-slovensko-freeride-pre-odvaznych-v-jasnej","status":"publish","type":"nase-clanky","link":"https:\/\/snowflake.academy\/sk\/nase-clanky\/black-crows-lyze-slovensko-freeride-pre-odvaznych-v-jasnej\/","title":{"rendered":"BLACK CROWS LY\u017dE SLOVENSKO &#8211; FREERIDE PRE ODV\u00c1\u017dNYCH V JASNEJ"},"content":{"rendered":"\n<p><strong>Black Crows ly\u017ee <\/strong>s\u00fa franc\u00fazska zna\u010dka, ktor\u00e1 sa stala legendou vo <strong>freeride komunite.<\/strong> V <strong>ly\u017eiarskej \u0161kole SNOWFLAKE ACADEMY Jasn\u00e1<\/strong> pou\u017e\u00edvame <strong>Black Crows ly\u017ee<\/strong> pre <strong>pokro\u010dil\u00e9 freeride ly\u017eovanie<\/strong> v <strong>N\u00edzkych Tatr\u00e1ch.<\/strong><\/p>\n\n\n\n<figure class=\"wp-block-image size-medium\"><img fetchpriority=\"high\" decoding=\"async\" width=\"300\" height=\"300\" src=\"https:\/\/snowflake.academy\/wp-content\/uploads\/2025\/09\/BLack-crows-300x300.jpg\" alt=\"\" class=\"wp-image-2088\" srcset=\"https:\/\/snowflake.academy\/wp-content\/uploads\/2025\/09\/BLack-crows-300x300.jpg 300w, https:\/\/snowflake.academy\/wp-content\/uploads\/2025\/09\/BLack-crows-100x100.jpg 100w, https:\/\/snowflake.academy\/wp-content\/uploads\/2025\/09\/BLack-crows-600x600.jpg 600w, https:\/\/snowflake.academy\/wp-content\/uploads\/2025\/09\/BLack-crows-1024x1024.jpg 1024w, https:\/\/snowflake.academy\/wp-content\/uploads\/2025\/09\/BLack-crows-150x150.jpg 150w, https:\/\/snowflake.academy\/wp-content\/uploads\/2025\/09\/BLack-crows-768x768.jpg 768w, https:\/\/snowflake.academy\/wp-content\/uploads\/2025\/09\/BLack-crows-1536x1536.jpg 1536w, https:\/\/snowflake.academy\/wp-content\/uploads\/2025\/09\/BLack-crows.jpg 1800w\" sizes=\"(max-width: 300px) 100vw, 300px\" \/><\/figure>\n\n\n\n<h3 class=\"wp-block-heading\">Freeride ly\u017eovanie Jasn\u00e1 &#8211; Black Crows Corvus, Camox, Navis<\/h3>\n\n\n\n<p>Freeride ly\u017eovanie v Jasnej s Black Crows ly\u017eami:<\/p>\n\n\n\n<p><strong>Black Crows Corvus<\/strong> &#8211; vlajkov\u00e1 lo\u010f pre <strong>alpsk\u00fd freeride Tatry. <\/strong><\/p>\n\n\n\n<p><strong>Black Crows Camox<\/strong> &#8211; v\u0161estrann\u00e9 <strong>all-mountain ly\u017ee Jasn\u00e1.<\/strong><\/p>\n\n\n\n<p><strong>Black Crows Navis<\/strong> &#8211; \u0161irok\u00e9 <strong>powder ly\u017ee<\/strong> pre <strong>hlbok\u00fd sneh N\u00edzke Tatry<\/strong><\/p>\n\n\n\n<p><\/p>\n","protected":false},"author":1,"featured_media":2324,"template":"","clanky-kategoria":[],"class_list":["post-2077","nase-clanky","type-nase-clanky","status-publish","has-post-thumbnail","hentry"],"yoast_head":"<!-- This site is optimized with the Yoast SEO plugin v26.1.1 - https:\/\/yoast.com\/wordpress\/plugins\/seo\/ -->\n<title>BLACK CROWS LY\u017dE SLOVENSKO - FREERIDE PRE ODV\u00c1\u017dNYCH V JASNEJ | Snowflake<\/title>\n<meta name=\"robots\" content=\"index, follow, max-snippet:-1, max-image-preview:large, max-video-preview:-1\" \/>\n<link rel=\"canonical\" href=\"https:\/\/snowflake.academy\/sk\/nase-clanky\/black-crows-lyze-slovensko-freeride-pre-odvaznych-v-jasnej\/\" \/>\n<meta property=\"og:locale\" content=\"sk_SK\" \/>\n<meta property=\"og:type\" content=\"article\" \/>\n<meta property=\"og:title\" content=\"BLACK CROWS LY\u017dE SLOVENSKO - FREERIDE PRE ODV\u00c1\u017dNYCH V JASNEJ | Snowflake\" \/>\n<meta property=\"og:description\" content=\"Black Crows ly\u017ee s\u00fa franc\u00fazska zna\u010dka, ktor\u00e1 sa stala legendou vo freeride komunite. V ly\u017eiarskej \u0161kole SNOWFLAKE ACADEMY Jasn\u00e1 pou\u017e\u00edvame Black Crows ly\u017ee pre pokro\u010dil\u00e9 freeride ly\u017eovanie v N\u00edzkych Tatr\u00e1ch. Freeride ly\u017eovanie Jasn\u00e1 &#8211; Black Crows Corvus, Camox, Navis Freeride ly\u017eovanie v Jasnej s Black Crows ly\u017eami: Black Crows Corvus &#8211; vlajkov\u00e1 lo\u010f pre alpsk\u00fd [&hellip;]\" \/>\n<meta property=\"og:url\" content=\"https:\/\/snowflake.academy\/sk\/nase-clanky\/black-crows-lyze-slovensko-freeride-pre-odvaznych-v-jasnej\/\" \/>\n<meta property=\"og:site_name\" content=\"Snowflake\" \/>\n<meta property=\"article:publisher\" content=\"https:\/\/www.facebook.com\/snowflakeacademyjasna\/\" \/>\n<meta property=\"article:modified_time\" content=\"2025-09-30T11:58:53+00:00\" \/>\n<meta property=\"og:image\" content=\"https:\/\/snowflake.academy\/wp-content\/uploads\/2025\/09\/image0000001.jpg\" \/>\n\t<meta property=\"og:image:width\" content=\"768\" \/>\n\t<meta property=\"og:image:height\" content=\"512\" \/>\n\t<meta property=\"og:image:type\" content=\"image\/jpeg\" \/>\n<meta name=\"twitter:card\" content=\"summary_large_image\" \/>\n<!-- \/ Yoast SEO plugin. -->","yoast_head_json":{"title":"BLACK CROWS LY\u017dE SLOVENSKO - FREERIDE PRE ODV\u00c1\u017dNYCH V JASNEJ | Snowflake","robots":{"index":"index","follow":"follow","max-snippet":"max-snippet:-1","max-image-preview":"max-image-preview:large","max-video-preview":"max-video-preview:-1"},"canonical":"https:\/\/snowflake.academy\/sk\/nase-clanky\/black-crows-lyze-slovensko-freeride-pre-odvaznych-v-jasnej\/","og_locale":"sk_SK","og_type":"article","og_title":"BLACK CROWS LY\u017dE SLOVENSKO - FREERIDE PRE ODV\u00c1\u017dNYCH V JASNEJ | Snowflake","og_description":"Black Crows ly\u017ee s\u00fa franc\u00fazska zna\u010dka, ktor\u00e1 sa stala legendou vo freeride komunite. V ly\u017eiarskej \u0161kole SNOWFLAKE ACADEMY Jasn\u00e1 pou\u017e\u00edvame Black Crows ly\u017ee pre pokro\u010dil\u00e9 freeride ly\u017eovanie v N\u00edzkych Tatr\u00e1ch. Freeride ly\u017eovanie Jasn\u00e1 &#8211; Black Crows Corvus, Camox, Navis Freeride ly\u017eovanie v Jasnej s Black Crows ly\u017eami: Black Crows Corvus &#8211; vlajkov\u00e1 lo\u010f pre alpsk\u00fd [&hellip;]","og_url":"https:\/\/snowflake.academy\/sk\/nase-clanky\/black-crows-lyze-slovensko-freeride-pre-odvaznych-v-jasnej\/","og_site_name":"Snowflake","article_publisher":"https:\/\/www.facebook.com\/snowflakeacademyjasna\/","article_modified_time":"2025-09-30T11:58:53+00:00","og_image":[{"width":768,"height":512,"url":"https:\/\/snowflake.academy\/wp-content\/uploads\/2025\/09\/image0000001.jpg","type":"image\/jpeg"}],"twitter_card":"summary_large_image","schema":{"@context":"https:\/\/schema.org","@graph":[{"@type":"Article","@id":"https:\/\/snowflake.academy\/sk\/nase-clanky\/black-crows-lyze-slovensko-freeride-pre-odvaznych-v-jasnej\/#article","isPartOf":{"@id":"https:\/\/snowflake.academy\/sk\/nase-clanky\/black-crows-lyze-slovensko-freeride-pre-odvaznych-v-jasnej\/"},"author":{"name":"Gabci","@id":"https:\/\/snowflake.academy\/#\/schema\/person\/9cd7e8c667630e347e01aa44f7233410"},"headline":"BLACK CROWS LY\u017dE SLOVENSKO &#8211; FREERIDE PRE ODV\u00c1\u017dNYCH V JASNEJ","datePublished":"2025-09-17T12:26:10+00:00","dateModified":"2025-09-30T11:58:53+00:00","mainEntityOfPage":{"@id":"https:\/\/snowflake.academy\/sk\/nase-clanky\/black-crows-lyze-slovensko-freeride-pre-odvaznych-v-jasnej\/"},"wordCount":106,"publisher":{"@id":"https:\/\/snowflake.academy\/#organization"},"image":{"@id":"https:\/\/snowflake.academy\/sk\/nase-clanky\/black-crows-lyze-slovensko-freeride-pre-odvaznych-v-jasnej\/#primaryimage"},"thumbnailUrl":"https:\/\/snowflake.academy\/wp-content\/uploads\/2025\/09\/image0000001.jpg","inLanguage":"sk-SK"},{"@type":"WebPage","@id":"https:\/\/snowflake.academy\/sk\/nase-clanky\/black-crows-lyze-slovensko-freeride-pre-odvaznych-v-jasnej\/","url":"https:\/\/snowflake.academy\/sk\/nase-clanky\/black-crows-lyze-slovensko-freeride-pre-odvaznych-v-jasnej\/","name":"BLACK CROWS LY\u017dE SLOVENSKO - FREERIDE PRE ODV\u00c1\u017dNYCH V JASNEJ | Snowflake","isPartOf":{"@id":"https:\/\/snowflake.academy\/#website"},"primaryImageOfPage":{"@id":"https:\/\/snowflake.academy\/sk\/nase-clanky\/black-crows-lyze-slovensko-freeride-pre-odvaznych-v-jasnej\/#primaryimage"},"image":{"@id":"https:\/\/snowflake.academy\/sk\/nase-clanky\/black-crows-lyze-slovensko-freeride-pre-odvaznych-v-jasnej\/#primaryimage"},"thumbnailUrl":"https:\/\/snowflake.academy\/wp-content\/uploads\/2025\/09\/image0000001.jpg","datePublished":"2025-09-17T12:26:10+00:00","dateModified":"2025-09-30T11:58:53+00:00","breadcrumb":{"@id":"https:\/\/snowflake.academy\/sk\/nase-clanky\/black-crows-lyze-slovensko-freeride-pre-odvaznych-v-jasnej\/#breadcrumb"},"inLanguage":"sk-SK","potentialAction":[{"@type":"ReadAction","target":["https:\/\/snowflake.academy\/sk\/nase-clanky\/black-crows-lyze-slovensko-freeride-pre-odvaznych-v-jasnej\/"]}]},{"@type":"ImageObject","inLanguage":"sk-SK","@id":"https:\/\/snowflake.academy\/sk\/nase-clanky\/black-crows-lyze-slovensko-freeride-pre-odvaznych-v-jasnej\/#primaryimage","url":"https:\/\/snowflake.academy\/wp-content\/uploads\/2025\/09\/image0000001.jpg","contentUrl":"https:\/\/snowflake.academy\/wp-content\/uploads\/2025\/09\/image0000001.jpg","width":768,"height":512,"caption":"zna\u010dky ly\u017eiarskej v\u00fdbavy"},{"@type":"BreadcrumbList","@id":"https:\/\/snowflake.academy\/sk\/nase-clanky\/black-crows-lyze-slovensko-freeride-pre-odvaznych-v-jasnej\/#breadcrumb","itemListElement":[{"@type":"ListItem","position":1,"name":"Domovsk\u00e1 str\u00e1nka","item":"https:\/\/snowflake.academy\/cs\/"},{"@type":"ListItem","position":2,"name":"Na\u0161e \u010dl\u00e1nky","item":"https:\/\/snowflake.academy\/sk\/nase-clanky\/"},{"@type":"ListItem","position":3,"name":"BLACK CROWS LY\u017dE SLOVENSKO &#8211; FREERIDE PRE ODV\u00c1\u017dNYCH V JASNEJ"}]},{"@type":"WebSite","@id":"https:\/\/snowflake.academy\/#website","url":"https:\/\/snowflake.academy\/","name":"Snowflake","description":"","publisher":{"@id":"https:\/\/snowflake.academy\/#organization"},"potentialAction":[{"@type":"SearchAction","target":{"@type":"EntryPoint","urlTemplate":"https:\/\/snowflake.academy\/?s={search_term_string}"},"query-input":{"@type":"PropertyValueSpecification","valueRequired":true,"valueName":"search_term_string"}}],"inLanguage":"sk-SK"},{"@type":"Organization","@id":"https:\/\/snowflake.academy\/#organization","name":"Snowflake","url":"https:\/\/snowflake.academy\/","logo":{"@type":"ImageObject","inLanguage":"sk-SK","@id":"https:\/\/snowflake.academy\/#\/schema\/logo\/image\/","url":"https:\/\/snowflake.academy\/wp-content\/uploads\/2025\/07\/logo.svg","contentUrl":"https:\/\/snowflake.academy\/wp-content\/uploads\/2025\/07\/logo.svg","width":282,"height":86,"caption":"Snowflake"},"image":{"@id":"https:\/\/snowflake.academy\/#\/schema\/logo\/image\/"},"sameAs":["https:\/\/www.facebook.com\/snowflakeacademyjasna\/","https:\/\/www.instagram.com\/snowflakeacademy\/"]},{"@type":"Person","@id":"https:\/\/snowflake.academy\/#\/schema\/person\/9cd7e8c667630e347e01aa44f7233410","name":"Gabci","image":{"@type":"ImageObject","inLanguage":"sk-SK","@id":"https:\/\/snowflake.academy\/#\/schema\/person\/image\/","url":"https:\/\/secure.gravatar.com\/avatar\/13f1e1d01ef679838a9961a69111d4afe3f7b2ca387190e954363171e528fb2d?s=96&d=mm&r=g","contentUrl":"https:\/\/secure.gravatar.com\/avatar\/13f1e1d01ef679838a9961a69111d4afe3f7b2ca387190e954363171e528fb2d?s=96&d=mm&r=g","caption":"Gabci"},"sameAs":["https:\/\/snowflake.academy"],"url":"https:\/\/snowflake.academy\/sk\/author\/gabci\/"}]}},"_links":{"self":[{"href":"https:\/\/snowflake.academy\/sk\/wp-json\/wp\/v2\/nase-clanky\/2077","targetHints":{"allow":["GET"]}}],"collection":[{"href":"https:\/\/snowflake.academy\/sk\/wp-json\/wp\/v2\/nase-clanky"}],"about":[{"href":"https:\/\/snowflake.academy\/sk\/wp-json\/wp\/v2\/types\/nase-clanky"}],"author":[{"embeddable":true,"href":"https:\/\/snowflake.academy\/sk\/wp-json\/wp\/v2\/users\/1"}],"wp:featuredmedia":[{"embeddable":true,"href":"https:\/\/snowflake.academy\/sk\/wp-json\/wp\/v2\/media\/2324"}],"wp:attachment":[{"href":"https:\/\/snowflake.academy\/sk\/wp-json\/wp\/v2\/media?parent=2077"}],"wp:term":[{"taxonomy":"clanky-kategoria","embeddable":true,"href":"https:\/\/snowflake.academy\/sk\/wp-json\/wp\/v2\/clanky-kategoria?post=2077"}],"curies":[{"name":"wp","href":"https:\/\/api.w.org\/{rel}","templated":true}]}}