{"id":2079,"date":"2025-09-17T14:44:40","date_gmt":"2025-09-17T12:44:40","guid":{"rendered":"https:\/\/snowflake.academy\/?post_type=nase-clanky&#038;p=2079"},"modified":"2025-09-17T15:28:22","modified_gmt":"2025-09-17T13:28:22","slug":"lyziarske-oblecenie-slovensko-ako-sa-obliect-na-lyzovacku-jasna","status":"publish","type":"nase-clanky","link":"https:\/\/snowflake.academy\/sk\/nase-clanky\/lyziarske-oblecenie-slovensko-ako-sa-obliect-na-lyzovacku-jasna\/","title":{"rendered":"LY\u017dIARSKE OBLE\u010cENIE SLOVENSKO &#8211; AKO SA OBLIEC\u0164 NA LY\u017dOVA\u010cKU JASN\u00c1"},"content":{"rendered":"\n<h4 class=\"wp-block-heading\">Ly\u017eiarske oble\u010denie Jasn\u00e1 &#8211; Vrstvenie je k\u013e\u00fa\u010d pre ly\u017eovanie v Tatr\u00e1ch 2025\/2026<\/h4>\n\n\n\n<p><strong>Spr\u00e1vne ly\u017eiarske oble\u010denie <\/strong>na<strong> ly\u017eova\u010dku v Jasnej<\/strong> je rovnako d\u00f4le\u017eit\u00e9 ako kvalitn\u00e9 ly\u017ee \u010di dobr\u00e1 technika. V <strong>horskom prostred\u00ed N\u00edzkych Tatier<\/strong> sa po\u010dasie m\u00f4\u017ee r\u00fdchlo meni\u0165. V <strong>ly\u017eiarskej \u0161kole SNOWFLAKE ACADEMY<\/strong> u\u010d\u00edme na\u0161ich \u017eiakov nielen <strong>techniku ly\u017eovania,<\/strong> ale aj praktick\u00e9 aspekty ako <strong>spr\u00e1vne oble\u010denie na ly\u017ee.<\/strong><\/p>\n\n\n\n<h4 class=\"wp-block-heading\">Vrstvenie oble\u010denia na ly\u017ee &#8211; Syst\u00e9m troch vrstiev pre ly\u017eovanie v Tatr\u00e1ch<\/h4>\n\n\n\n<p><strong>Vrstvenie ly\u017eiarskeho oble\u010denia<\/strong> je z\u00e1kladn\u00fd princ\u00edp <strong>obliekania na ly\u017eova\u010dku. Syst\u00e9m troch vrstiev<\/strong> pre <strong>ly\u017eovanie v Jasnej:<\/strong><\/p>\n\n\n\n<p><strong>PRV\u00c1 VRSTVA &#8211; z\u00e1kladn\u00e1 vrstva ly\u017eiarske oble\u010denie<\/strong> v kontakte s poko\u017ekou<\/p>\n\n\n\n<p><strong>DRUH\u00c1 VRSTVA &#8211; izola\u010dn\u00e1 vrstva <\/strong>pre<strong> zimn\u00e9 ly\u017eovanie Tatry<\/strong><\/p>\n\n\n\n<p><strong>TRETIA VRSTVA &#8211; ochrann\u00e1 vrstva <\/strong>proti<strong> poveternostn\u00fdm vplyvom Jasn\u00e1<\/strong><\/p>\n\n\n\n<h4 class=\"wp-block-heading\">Merino vlna ly\u017eiarske oble\u010denie &#8211; Najlep\u0161\u00ed materi\u00e1l pre z\u00e1kladn\u00fa vrstvu<\/h4>\n\n\n\n<p><strong>Merino vlna ly\u017eiarske oble\u010denie<\/strong> je pova\u017eovan\u00e1 za najlep\u0161\u00ed materi\u00e1l:<\/p>\n\n\n\n<p><strong>\u2022 Antibakteri\u00e1lne vlastnosti<\/strong> &#8211; nezap\u00e1cha ani po dlhom <strong>ly\u017eovan\u00ed v Jasnej<\/strong><\/p>\n\n\n\n<p><strong>\u2022 Regul\u00e1cia teploty<\/strong> &#8211; ide\u00e1lne pre <strong>zimn\u00e9 ly\u017eovanie Slovensko<\/strong><\/p>\n\n\n\n<p><strong>\u2022 Pohodlie<\/strong> &#8211; m\u00e4kk\u00e1 na poko\u017eke, ne\u0161krabe<\/p>\n\n\n\n<p><strong>Syntetick\u00e9 materi\u00e1ly ly\u017eiarske oble\u010denie <\/strong>&#8211; polyester, r\u00fdchlej\u0161ie schnutie<\/p>\n\n\n\n<p><strong>Bavlna <\/strong>&#8211; najhor\u0161\u00ed materi\u00e1l pre <strong>ly\u017eovanie v Tatr\u00e1ch<\/strong><\/p>\n\n\n\n<figure class=\"wp-block-image size-full\"><img fetchpriority=\"high\" decoding=\"async\" width=\"1000\" height=\"791\" src=\"https:\/\/snowflake.academy\/wp-content\/uploads\/2025\/09\/lyzovanie-uvod.jpg\" alt=\"\" class=\"wp-image-2099\" srcset=\"https:\/\/snowflake.academy\/wp-content\/uploads\/2025\/09\/lyzovanie-uvod.jpg 1000w, https:\/\/snowflake.academy\/wp-content\/uploads\/2025\/09\/lyzovanie-uvod-600x475.jpg 600w, https:\/\/snowflake.academy\/wp-content\/uploads\/2025\/09\/lyzovanie-uvod-300x237.jpg 300w, https:\/\/snowflake.academy\/wp-content\/uploads\/2025\/09\/lyzovanie-uvod-768x607.jpg 768w\" sizes=\"(max-width: 1000px) 100vw, 1000px\" \/><\/figure>\n\n\n\n<h4 class=\"wp-block-heading\">Gore-Tex ly\u017eiarske oble\u010denie &#8211; Ochrann\u00e1 vrstva pre ly\u017eovanie Jasn\u00e1<\/h4>\n\n\n\n<p><em>Gore-Tex ly\u017eiarske oble\u010denie pre ly\u017eova\u010dku v Jasnej:<\/em><\/p>\n\n\n\n<p><strong>\u2022 Nepremokavos\u0165 <\/strong>&#8211; minim\u00e1lne 10 000 mm pre <strong>ly\u017eovanie Tatry<\/strong><\/p>\n\n\n\n<p><strong>\u2022 Priedu\u0161nos\u0165 <\/strong>&#8211; minim\u00e1lne 10 000 g\/m\u00b2\/24h pre <strong>akt\u00edvne ly\u017eovanie<\/strong><\/p>\n\n\n\n<p><strong>\u2022 Odolnos\u0165 <\/strong>&#8211; proti mechanick\u00e9mu po\u0161kodeniu na <strong>svahoch Jasn\u00e1<\/strong><\/p>\n\n\n\n<h4 class=\"wp-block-heading\">Ly\u017eiarske rukavice a doplnky &#8211; Ochrana kon\u010dat\u00edn pre ly\u017eovanie v Tatr\u00e1ch<\/h4>\n\n\n\n<p><em>Ly\u017eiarske rukavice Jasn\u00e1 a doplnky na ly\u017eovanie:<\/em><\/p>\n\n\n\n<p><strong>Ly\u017eiarske rukavice vs pal\u010diaky<\/strong> &#8211; rukavice pre lep\u0161iu obratnos\u0165<\/p>\n\n\n\n<p><strong>Ly\u017eiarske \u010diapky<\/strong> &#8211; tenk\u00e9 pod helmu, merino vlna<\/p>\n\n\n\n<p><strong>Ly\u017eiarske okuliare <\/strong>&#8211; 100% UV ochrana, r\u00f4zne farby \u0161o\u0161oviek<\/p>\n\n\n\n<p><strong>Opa\u013eovac\u00ed kr\u00e9m na ly\u017eovanie<\/strong> &#8211; vysok\u00fd SPF aj v zamra\u010den\u00e9 dni<\/p>\n\n\n\n<h4 class=\"wp-block-heading\">Starostlivos\u0165 o ly\u017eiarske oble\u010denie &#8211; Pranie, su\u0161enie, impregn\u00e1cia<\/h4>\n\n\n\n<p><em>Starostlivos\u0165 o ly\u017eiarske oble\u010denie:<\/em><\/p>\n\n\n\n<p><strong>Pranie ly\u017eiarskeho oble\u010denia<\/strong> &#8211; \u0161peci\u00e1lne pracie prostriedky<\/p>\n\n\n\n<p><strong>Su\u0161enie<\/strong> &#8211; na vzduchu, nie v su\u0161i\u010dke<\/p>\n\n\n\n<p><strong>Impregn\u00e1cia <\/strong>&#8211; pravideln\u00e1 reimpregn\u00e1cia nepremokav\u00e9ho oble\u010denia<\/p>\n\n\n\n<p><strong>Skladovanie <\/strong>&#8211; such\u00e9, vetran\u00e9 miesto<\/p>\n\n\n\n<h4 class=\"wp-block-heading\">Ly\u017eiarske oble\u010denie zna\u010dky &#8211; Patagonia, Arc&#8217;teryx, Columbia<\/h4>\n\n\n\n<p><em>Zna\u010dky ly\u017eiarskeho oble\u010denia pre ly\u017eovanie v Jasnej:<\/em><\/p>\n\n\n\n<p><strong>Pr\u00e9miov\u00e9 zna\u010dky<\/strong> &#8211; Patagonia, Arc&#8217;teryx, Mammut <\/p>\n\n\n\n<p><strong>Stredn\u00e1 trieda<\/strong> &#8211; Columbia, The North Face, Quiksilver <\/p>\n\n\n\n<p><strong>Rozpo\u010dtov\u00e9 mo\u017enosti <\/strong>&#8211; pre ob\u010dasn\u00fdch ly\u017eiarov<\/p>\n\n\n\n<h4 class=\"wp-block-heading\">Kedy kupova\u0165 ly\u017eiarske oble\u010denie &#8211; V\u00fdpredaje a sez\u00f3nne z\u013eavy<\/h4>\n\n\n\n<p><em>Kedy kupova\u0165 ly\u017eiarske oble\u010denie:<\/em><\/p>\n\n\n\n<p><strong>\u2022 Koniec sez\u00f3ny <\/strong>(marec-apr\u00edl) &#8211; najlep\u0161ie ceny<\/p>\n\n\n\n<p><strong>\u2022 Pred sez\u00f3nou<\/strong> (september-okt\u00f3ber) &#8211; nov\u00e9 kolekcie<\/p>\n\n\n\n<p><strong>\u2022 V\u00fdpredaje <\/strong>&#8211; kvalitn\u00e9 oble\u010denie za zlomok ceny<\/p>\n\n\n\n<h4 class=\"wp-block-heading\">Spr\u00e1vne oble\u010denie pre \u00faspe\u0161n\u00e9 ly\u017eovanie v Jasnej<\/h4>\n\n\n\n<p><strong>Spr\u00e1vne ly\u017eiarske oble\u010denie<\/strong> je invest\u00edcia do v\u00e1\u0161ho pohodlia a bezpe\u010dnosti pri <strong>ly\u017eovan\u00ed v Jasnej.<\/strong> <strong>Syst\u00e9m vrstvenia<\/strong> je osved\u010den\u00fd pr\u00edstup <strong>pre ly\u017eovanie v N\u00edzkych Tatr\u00e1ch<\/strong>. V <strong>ly\u017eiarskej \u0161kole SNOWFLAKE ACADEMY<\/strong> v\u00e1m pom\u00f4\u017eeme nielen s <strong>technikou ly\u017eovania<\/strong>, ale aj s praktick\u00fdmi radami pre <strong>oble\u010denie na ly\u017eova\u010dku<\/strong><\/p>\n","protected":false},"author":1,"featured_media":2090,"template":"","clanky-kategoria":[],"class_list":["post-2079","nase-clanky","type-nase-clanky","status-publish","has-post-thumbnail","hentry"],"yoast_head":"<!-- This site is optimized with the Yoast SEO plugin v26.1.1 - https:\/\/yoast.com\/wordpress\/plugins\/seo\/ -->\n<title>LY\u017dIARSKE OBLE\u010cENIE SLOVENSKO - AKO SA OBLIEC\u0164 NA LY\u017dOVA\u010cKU JASN\u00c1 | Snowflake<\/title>\n<meta name=\"robots\" content=\"index, follow, max-snippet:-1, max-image-preview:large, max-video-preview:-1\" \/>\n<link rel=\"canonical\" href=\"https:\/\/snowflake.academy\/sk\/nase-clanky\/lyziarske-oblecenie-slovensko-ako-sa-obliect-na-lyzovacku-jasna\/\" \/>\n<meta property=\"og:locale\" content=\"sk_SK\" \/>\n<meta property=\"og:type\" content=\"article\" \/>\n<meta property=\"og:title\" content=\"LY\u017dIARSKE OBLE\u010cENIE SLOVENSKO - AKO SA OBLIEC\u0164 NA LY\u017dOVA\u010cKU JASN\u00c1 | Snowflake\" \/>\n<meta property=\"og:description\" content=\"Ly\u017eiarske oble\u010denie Jasn\u00e1 &#8211; Vrstvenie je k\u013e\u00fa\u010d pre ly\u017eovanie v Tatr\u00e1ch 2025\/2026 Spr\u00e1vne ly\u017eiarske oble\u010denie na ly\u017eova\u010dku v Jasnej je rovnako d\u00f4le\u017eit\u00e9 ako kvalitn\u00e9 ly\u017ee \u010di dobr\u00e1 technika. V horskom prostred\u00ed N\u00edzkych Tatier sa po\u010dasie m\u00f4\u017ee r\u00fdchlo meni\u0165. V ly\u017eiarskej \u0161kole SNOWFLAKE ACADEMY u\u010d\u00edme na\u0161ich \u017eiakov nielen techniku ly\u017eovania, ale aj praktick\u00e9 aspekty ako spr\u00e1vne [&hellip;]\" \/>\n<meta property=\"og:url\" content=\"https:\/\/snowflake.academy\/sk\/nase-clanky\/lyziarske-oblecenie-slovensko-ako-sa-obliect-na-lyzovacku-jasna\/\" \/>\n<meta property=\"og:site_name\" content=\"Snowflake\" \/>\n<meta property=\"article:publisher\" content=\"https:\/\/www.facebook.com\/snowflakeacademyjasna\/\" \/>\n<meta property=\"article:modified_time\" content=\"2025-09-17T13:28:22+00:00\" \/>\n<meta property=\"og:image\" content=\"https:\/\/snowflake.academy\/wp-content\/uploads\/2025\/09\/ako-sa-obliect-cover.jpeg\" \/>\n\t<meta property=\"og:image:width\" content=\"750\" \/>\n\t<meta property=\"og:image:height\" content=\"500\" \/>\n\t<meta property=\"og:image:type\" content=\"image\/jpeg\" \/>\n<meta name=\"twitter:card\" content=\"summary_large_image\" \/>\n<meta name=\"twitter:label1\" content=\"Predpokladan\u00fd \u010das \u010d\u00edtania\" \/>\n\t<meta name=\"twitter:data1\" content=\"3 min\u00faty\" \/>\n<!-- \/ Yoast SEO plugin. -->","yoast_head_json":{"title":"LY\u017dIARSKE OBLE\u010cENIE SLOVENSKO - AKO SA OBLIEC\u0164 NA LY\u017dOVA\u010cKU JASN\u00c1 | Snowflake","robots":{"index":"index","follow":"follow","max-snippet":"max-snippet:-1","max-image-preview":"max-image-preview:large","max-video-preview":"max-video-preview:-1"},"canonical":"https:\/\/snowflake.academy\/sk\/nase-clanky\/lyziarske-oblecenie-slovensko-ako-sa-obliect-na-lyzovacku-jasna\/","og_locale":"sk_SK","og_type":"article","og_title":"LY\u017dIARSKE OBLE\u010cENIE SLOVENSKO - AKO SA OBLIEC\u0164 NA LY\u017dOVA\u010cKU JASN\u00c1 | Snowflake","og_description":"Ly\u017eiarske oble\u010denie Jasn\u00e1 &#8211; Vrstvenie je k\u013e\u00fa\u010d pre ly\u017eovanie v Tatr\u00e1ch 2025\/2026 Spr\u00e1vne ly\u017eiarske oble\u010denie na ly\u017eova\u010dku v Jasnej je rovnako d\u00f4le\u017eit\u00e9 ako kvalitn\u00e9 ly\u017ee \u010di dobr\u00e1 technika. V horskom prostred\u00ed N\u00edzkych Tatier sa po\u010dasie m\u00f4\u017ee r\u00fdchlo meni\u0165. V ly\u017eiarskej \u0161kole SNOWFLAKE ACADEMY u\u010d\u00edme na\u0161ich \u017eiakov nielen techniku ly\u017eovania, ale aj praktick\u00e9 aspekty ako spr\u00e1vne [&hellip;]","og_url":"https:\/\/snowflake.academy\/sk\/nase-clanky\/lyziarske-oblecenie-slovensko-ako-sa-obliect-na-lyzovacku-jasna\/","og_site_name":"Snowflake","article_publisher":"https:\/\/www.facebook.com\/snowflakeacademyjasna\/","article_modified_time":"2025-09-17T13:28:22+00:00","og_image":[{"width":750,"height":500,"url":"https:\/\/snowflake.academy\/wp-content\/uploads\/2025\/09\/ako-sa-obliect-cover.jpeg","type":"image\/jpeg"}],"twitter_card":"summary_large_image","twitter_misc":{"Predpokladan\u00fd \u010das \u010d\u00edtania":"3 min\u00faty"},"schema":{"@context":"https:\/\/schema.org","@graph":[{"@type":"Article","@id":"https:\/\/snowflake.academy\/sk\/nase-clanky\/lyziarske-oblecenie-slovensko-ako-sa-obliect-na-lyzovacku-jasna\/#article","isPartOf":{"@id":"https:\/\/snowflake.academy\/sk\/nase-clanky\/lyziarske-oblecenie-slovensko-ako-sa-obliect-na-lyzovacku-jasna\/"},"author":{"name":"Gabci","@id":"https:\/\/snowflake.academy\/#\/schema\/person\/9cd7e8c667630e347e01aa44f7233410"},"headline":"LY\u017dIARSKE OBLE\u010cENIE SLOVENSKO &#8211; AKO SA OBLIEC\u0164 NA LY\u017dOVA\u010cKU JASN\u00c1","datePublished":"2025-09-17T12:44:40+00:00","dateModified":"2025-09-17T13:28:22+00:00","mainEntityOfPage":{"@id":"https:\/\/snowflake.academy\/sk\/nase-clanky\/lyziarske-oblecenie-slovensko-ako-sa-obliect-na-lyzovacku-jasna\/"},"wordCount":607,"publisher":{"@id":"https:\/\/snowflake.academy\/#organization"},"image":{"@id":"https:\/\/snowflake.academy\/sk\/nase-clanky\/lyziarske-oblecenie-slovensko-ako-sa-obliect-na-lyzovacku-jasna\/#primaryimage"},"thumbnailUrl":"https:\/\/snowflake.academy\/wp-content\/uploads\/2025\/09\/ako-sa-obliect-cover.jpeg","inLanguage":"sk-SK"},{"@type":"WebPage","@id":"https:\/\/snowflake.academy\/sk\/nase-clanky\/lyziarske-oblecenie-slovensko-ako-sa-obliect-na-lyzovacku-jasna\/","url":"https:\/\/snowflake.academy\/sk\/nase-clanky\/lyziarske-oblecenie-slovensko-ako-sa-obliect-na-lyzovacku-jasna\/","name":"LY\u017dIARSKE OBLE\u010cENIE SLOVENSKO - AKO SA OBLIEC\u0164 NA LY\u017dOVA\u010cKU JASN\u00c1 | Snowflake","isPartOf":{"@id":"https:\/\/snowflake.academy\/#website"},"primaryImageOfPage":{"@id":"https:\/\/snowflake.academy\/sk\/nase-clanky\/lyziarske-oblecenie-slovensko-ako-sa-obliect-na-lyzovacku-jasna\/#primaryimage"},"image":{"@id":"https:\/\/snowflake.academy\/sk\/nase-clanky\/lyziarske-oblecenie-slovensko-ako-sa-obliect-na-lyzovacku-jasna\/#primaryimage"},"thumbnailUrl":"https:\/\/snowflake.academy\/wp-content\/uploads\/2025\/09\/ako-sa-obliect-cover.jpeg","datePublished":"2025-09-17T12:44:40+00:00","dateModified":"2025-09-17T13:28:22+00:00","breadcrumb":{"@id":"https:\/\/snowflake.academy\/sk\/nase-clanky\/lyziarske-oblecenie-slovensko-ako-sa-obliect-na-lyzovacku-jasna\/#breadcrumb"},"inLanguage":"sk-SK","potentialAction":[{"@type":"ReadAction","target":["https:\/\/snowflake.academy\/sk\/nase-clanky\/lyziarske-oblecenie-slovensko-ako-sa-obliect-na-lyzovacku-jasna\/"]}]},{"@type":"ImageObject","inLanguage":"sk-SK","@id":"https:\/\/snowflake.academy\/sk\/nase-clanky\/lyziarske-oblecenie-slovensko-ako-sa-obliect-na-lyzovacku-jasna\/#primaryimage","url":"https:\/\/snowflake.academy\/wp-content\/uploads\/2025\/09\/ako-sa-obliect-cover.jpeg","contentUrl":"https:\/\/snowflake.academy\/wp-content\/uploads\/2025\/09\/ako-sa-obliect-cover.jpeg","width":750,"height":500,"caption":"d\u013a\u017eka ly\u017e\u00ed pri skialpinistovi"},{"@type":"BreadcrumbList","@id":"https:\/\/snowflake.academy\/sk\/nase-clanky\/lyziarske-oblecenie-slovensko-ako-sa-obliect-na-lyzovacku-jasna\/#breadcrumb","itemListElement":[{"@type":"ListItem","position":1,"name":"Domovsk\u00e1 str\u00e1nka","item":"https:\/\/snowflake.academy\/cs\/"},{"@type":"ListItem","position":2,"name":"Na\u0161e \u010dl\u00e1nky","item":"https:\/\/snowflake.academy\/sk\/nase-clanky\/"},{"@type":"ListItem","position":3,"name":"LY\u017dIARSKE OBLE\u010cENIE SLOVENSKO &#8211; AKO SA OBLIEC\u0164 NA LY\u017dOVA\u010cKU JASN\u00c1"}]},{"@type":"WebSite","@id":"https:\/\/snowflake.academy\/#website","url":"https:\/\/snowflake.academy\/","name":"Snowflake","description":"","publisher":{"@id":"https:\/\/snowflake.academy\/#organization"},"potentialAction":[{"@type":"SearchAction","target":{"@type":"EntryPoint","urlTemplate":"https:\/\/snowflake.academy\/?s={search_term_string}"},"query-input":{"@type":"PropertyValueSpecification","valueRequired":true,"valueName":"search_term_string"}}],"inLanguage":"sk-SK"},{"@type":"Organization","@id":"https:\/\/snowflake.academy\/#organization","name":"Snowflake","url":"https:\/\/snowflake.academy\/","logo":{"@type":"ImageObject","inLanguage":"sk-SK","@id":"https:\/\/snowflake.academy\/#\/schema\/logo\/image\/","url":"https:\/\/snowflake.academy\/wp-content\/uploads\/2025\/07\/logo.svg","contentUrl":"https:\/\/snowflake.academy\/wp-content\/uploads\/2025\/07\/logo.svg","width":282,"height":86,"caption":"Snowflake"},"image":{"@id":"https:\/\/snowflake.academy\/#\/schema\/logo\/image\/"},"sameAs":["https:\/\/www.facebook.com\/snowflakeacademyjasna\/","https:\/\/www.instagram.com\/snowflakeacademy\/"]},{"@type":"Person","@id":"https:\/\/snowflake.academy\/#\/schema\/person\/9cd7e8c667630e347e01aa44f7233410","name":"Gabci","image":{"@type":"ImageObject","inLanguage":"sk-SK","@id":"https:\/\/snowflake.academy\/#\/schema\/person\/image\/","url":"https:\/\/secure.gravatar.com\/avatar\/13f1e1d01ef679838a9961a69111d4afe3f7b2ca387190e954363171e528fb2d?s=96&d=mm&r=g","contentUrl":"https:\/\/secure.gravatar.com\/avatar\/13f1e1d01ef679838a9961a69111d4afe3f7b2ca387190e954363171e528fb2d?s=96&d=mm&r=g","caption":"Gabci"},"sameAs":["https:\/\/snowflake.academy"],"url":"https:\/\/snowflake.academy\/sk\/author\/gabci\/"}]}},"_links":{"self":[{"href":"https:\/\/snowflake.academy\/sk\/wp-json\/wp\/v2\/nase-clanky\/2079","targetHints":{"allow":["GET"]}}],"collection":[{"href":"https:\/\/snowflake.academy\/sk\/wp-json\/wp\/v2\/nase-clanky"}],"about":[{"href":"https:\/\/snowflake.academy\/sk\/wp-json\/wp\/v2\/types\/nase-clanky"}],"author":[{"embeddable":true,"href":"https:\/\/snowflake.academy\/sk\/wp-json\/wp\/v2\/users\/1"}],"wp:featuredmedia":[{"embeddable":true,"href":"https:\/\/snowflake.academy\/sk\/wp-json\/wp\/v2\/media\/2090"}],"wp:attachment":[{"href":"https:\/\/snowflake.academy\/sk\/wp-json\/wp\/v2\/media?parent=2079"}],"wp:term":[{"taxonomy":"clanky-kategoria","embeddable":true,"href":"https:\/\/snowflake.academy\/sk\/wp-json\/wp\/v2\/clanky-kategoria?post=2079"}],"curies":[{"name":"wp","href":"https:\/\/api.w.org\/{rel}","templated":true}]}}